{"id":929,"date":"2019-10-03T16:18:02","date_gmt":"2019-10-03T15:18:02","guid":{"rendered":"https:\/\/Skriptorium.Stadt-Sturmwind.de\/?post_type=rcno_review&#038;p=929"},"modified":"2022-02-06T00:17:19","modified_gmt":"2022-02-05T23:17:19","slug":"kodex-der-schillernden-streitmacht","status":"publish","type":"rcno_review","link":"https:\/\/Skriptorium.Stadt-Sturmwind.de\/?rcno_review=kodex-der-schillernden-streitmacht","title":{"rendered":"Kodex der schillernden Streitmacht"},"content":{"rendered":"\n<p class=\"has-drop-cap\">Azeroth ist seit je her gepr\u00e4gt von Konflikten und Bedrohungen aller Art. Die V\u00f6lker Azeroths haben viele Schicksalschl\u00e4ge erlitten, ein Kreislauf der nur unterbrochen werden kann, wenn wir als Einheit stehen. Bedrohungen m\u00fcssen schnell erkannt und gemeinsam vertrieben werden. Der erste Schritt um Konflikte zu l\u00f6sen sollte jedoch immer Diplomatie sein, sie sollte der Grundstein f\u00fcr ein friedliches miteinander auf Azeroth sein. <\/p>\n\n\n<p><!--more Weiterlesen--><\/p>\n\n\n<p>In meinem Leben habe ich viel erlebt. So wie gerade erst den Brand des Weltenbaumes und die Schlacht um Lordaeron. Ich war da als man uns Sonnenl\u00e4ufern das Licht gab, ich habe viele V\u00f6lker kennen gelernt und viele M\u00e4chte erlebt.<br>Wenn wir zusammen k\u00e4mpfen wollen m\u00fcssen wir verstehen was den Anderen ausmacht und was ihn antreibt.<\/p>\n\n\n<h2 class=\"wp-block-heading\" id=\"inhalt\">Inhalt<\/h2>\n\n\n<div class=\"wp-block-premium-container premium-container premium-container__stretch_false premium-container__boxed false\" style=\"text-align:left;min-height:NaNpx;background-color:transparent;border-style:none;border-width:1px;border-radius:undefinedpx;background-image:url('undefined');background-repeat:no-repeat;background-position:top center;background-size:auto;background-attachment:unset;margin-top:NaNpx;margin-bottom:NaNpx;margin-left:NaNpx;margin-right:NaNpx;padding-top:NaNpx;padding-bottom:NaNpx;padding-left:NaNpx;padding-right:NaNpx;box-shadow:0px 0px 0px undefined \"><div class=\"premium-container__content_wrap premium-container__top\" style=\"max-width:100%\"><div class=\"premium-container__content_inner\">\n<ul class=\"wp-block-list\"><li><a href=\"#kap1\" data-type=\"internal\" data-id=\"#kap1\">V\u00f6lker der Horde<\/a><\/li><li><a href=\"#kap2\" data-type=\"internal\" data-id=\"#kap2\">V\u00f6lker der Allianz<\/a><\/li><li><a href=\"#kap3\" data-type=\"internal\" data-id=\"#kap3\">Andere Fraktionen<\/a><\/li><li><a href=\"#kap4\" data-type=\"internal\" data-id=\"#kap4\">Regeln des Ordens<\/a><\/li><\/ul>\n<\/div><\/div><\/div>\n\n\n\n<hr class=\"wp-block-separator is-style-dots\"\/>\n\n\n<h3 class=\"wp-block-heading\" id=\"kap1\">V\u00f6lker der Horde<\/h3>\n\n<h4 class=\"wp-block-heading\" id=\"orcs\">Orcs<\/h4>\n\n\n<p>Zu den Orcs hatte ich immer ein gutes Verh\u00e4ltnis. Als sie damals in Kalimdor angelangten halfen sie uns im Kampf um Lebensraum gegen die Zentauren und wurden wichtige Verb\u00fcndete. Wir wurden ein Teil der Horde welche nat\u00fcrlich nicht nur aus Orcs bestand. <\/p>\n\n\n\n<p>Orcs sind ein Volk voller kriegerischer Traditionen, aber eben auch Schamanistischer. Ebenfalls finden wir eine Vergangenheit derer sie sich definitiv gewahr sind. Sie wurden von der brennenden Legion benutzt um Chaos auf Azeroth zu stiften und sind somit kein heimisches Volk per se. Jedoch  haben sie sich gut integriert, ihre Vergangenheit erfolgreich hinter sich gelassen und sind ein Bollwerk gegen das B\u00f6se, auf das man z\u00e4hlen kann.<\/p>\n\n\n\n<p>Man begegne einem Orc mit Respekt und er zahlt es dir mit Treue Freundschaft zur\u00fcck. Orcs sind also ein wichtiger Bestandteil Azeroths.<\/p>\n\n\n<h4 class=\"wp-block-heading\" id=\"trolle\">Trolle<\/h4>\n\n\n<p>Trolle sind ein Volk, deren einzelne St\u00e4mme sich stark voneinander Unterscheiden k\u00f6nnen und doch weisen alle Trolle ein typisches Verhalten auf, welches sie auszeichnet. Als wie sie selbst sagen, \u00e4ltestes Volk von Azeroth, haben sie eine lange Geschichte voller Traditionen, Kultur aber auch Krieg und dunkler Machenschaften. Ohne jetzt detailliert auf jeden Stamm einzugehen, soll gesagt sein, dass Trolle ein fest verankerter Teil dieser Welt sind und sie sicherlich einen Teil zur Verteidigung Azeroths beitragen werden, der immens ist. Nat\u00fcrlich haben die Trolle auch ihre Probleme. So haben sie ihre Differenzen mit den Sin&#8217;dorei, welche die Waldtrolle in Quel&#8217;thalas jagten und bek\u00e4mpften. Es ist an der Zeit diesen Weg gemeinsam zu gehen und ich traue Rokhan zu, dass er dieses kleine Hindernis auch \u00fcberwinden kann.<\/p>\n\n\n<h4 class=\"wp-block-heading\" id=\"sindorei\">Sin&#8217;dorei<\/h4>\n\n\n<p>Die Elfen aus Quel&#8217;thalas, eben jene die Lor&#8217;themar folgen und sich Fel zu nutze machten um ihr Volk zu sch\u00fctzen, haben viele Schicksalsschl\u00e4ge erlitten. Sie wurden von Arthas Menethil und seiner untoten Streitmacht derart dezimiert, dass ihre Zahl nicht mehr die selbe ist wie fr\u00fcher. Sie verloren ihren Sonnenbrunnen und viele wurden oder sind Manas\u00fcchtig. Ihr Volk ist mittlerweile in drei gespalten und doch ist jeder dieser Zweige wieder aufgestanden. Die Blutelfen oder Kinder des Blutes wie sie sich nennen haben den Sonnenbrunnen zur\u00fcck erobert und er wurde gereinigt. Sie traten der Horde bei welcher sie als treuer Verb\u00fcndeter zur Seite stehen, und trotz ihrer geringen Zahl sind sie eine starke Macht. Ihre Verbindung zur Magie bringt die m\u00e4chtigsten Magier hervor, ihre Blutritter sind ebenso t\u00f6dlich. Doch sind sie auch ein Volk welches vorallem nur an sich denkt. Sie tun alles um ihr eigenes Volk zu sch\u00fctzen, was an sich etwas Gutes darstellt, auch wenn ich mir mehr Empathie w\u00fcnschen w\u00fcrde. Und doch gerade weil sie sich sch\u00fctzen werden sie Azeroth mit besch\u00fctzern in einer hoffentlich sonst friedlichen Welt.<\/p>\n\n\n<h4 class=\"wp-block-heading\" id=\"die-verlassenen\">Die Verlassenen<\/h4>\n\n\n<p>Grundlegend m\u00f6chte ich sagen, dass man Sylvanas nicht trauen kann und sollte. Was aber die Verlassenen im Allgemeinen betrifft so m\u00f6chte ich sagen, dass sie ein Volk verirrter Seelen sind welche gegen ihren Willen, noch auf Azeroth weilen. Doch da sie sozusagen leben und ihren eigenen Willen haben m\u00fcssen sie als Volk respektiert werden. Eben jener dritte Krieg der den Elfen schadete, erschuf auch die Verlassenen. Und aus milit\u00e4rischer Sicht sind sie starke Verb\u00fcndete. <\/p>\n\n\n\n<p>Meiner Ansicht nach, d\u00fcrfen sie Leben aber sich nicht mehr weiter mehren. Dem Untoten der seinen Willen verliert geh\u00f6rt Einhalt geboten denn sie sind eine Bedrohung auf Azeroth derer wir stets gewahr sein m\u00fcssen. Doch, dass hei\u00dft nicht, dass man eben jene Verlassenen nicht mit Respekt behandeln sollte.<\/p>\n\n\n<h4 class=\"wp-block-heading\" id=\"goblins\">Goblins<\/h4>\n\n\n<p>Es ist schwierig, etwas positives \u00fcber Goblins zu sagen oder zu behaupten, ihre Motive zu verstehen. Sie sind auf Profit aus, sind hinterlistig, und recht erfinderisch. Ihre Kriegsmaschinerie ist Modern, auch wenn sie nicht an jene der Gnome heranreicht, gegen die sie eine tiefe Feindschaft und Konkurrenz verbindet. <\/p>\n\n\n\n<p>Ich sehe Goblins als Bindeglied, welches man bezahlt und so locken kann, um bei der Verteidigung Azeroths ebenfalls eine Rolle zu spielen.<\/p>\n\n\n<h4 class=\"wp-block-heading\" id=\"shaldorei\">Shal&#8217;dorei<\/h4>\n\n\n<p>Die Shal&#8217;dorei sind eben so Manaabh\u00e4ngig wie die Elfen Quel&#8217;thalas. Wohl auch ein Grund warum sie sich so gut mit ihnen verstehen. Ebenfalls f\u00fchren sie m\u00e4chtige Magie mit sich. Die Vergangenheit zeigte, dass sie als Feinde eine Bedrohung darstellen und meine Erfahrung mit ihnen an der Seite zu stehen, best\u00e4tigen mir, dass sie auch starke Verb\u00fcndete sind. Sie haben eine gewisse Antipathie gegen Kaldorei und sind nicht zuletzt Hordemitglied weil die Kaldorei diplomatische Fehler begangen. <\/p>\n\n\n\n<p>Sie werden sich jedoch beweisen und unserer Reihen f\u00fcllen auf das wir Nichts mehr f\u00fcrchten m\u00fcssen.<\/p>\n\n\n<h4 class=\"wp-block-heading\" id=\"tauren\">Tauren<\/h4>\n\n\n<p>\u00dcber das eigene Volk zu schreiben ist immer schwer, da der blick von Au\u00dfen fehlt. Doch sei gesagt, dass wir Tauren ein starkes und weises Volk sind, die Nichts mehr sehnen als den Frieden. Doch erkannten wir, dass wir daf\u00fcr immer ger\u00fcstet sein m\u00fcssen, sonst w\u00fcrden wir ihn nicht erreichen. Egal in welcher Welt oder welcher Ebene erreicht man dies nur mit Harmonie und Gleichgewicht, so lehren es die weisesten unter Uns. Ob Tauren aus dem Hochberg, Nordend oder Kalimdor. Mit uns ist zu rechnen wenn es darum geht unsere Heimat zu sch\u00fctzen.<\/p>\n\n\n\n<hr class=\"wp-block-separator is-style-dots\"\/>\n\n\n<h3 class=\"wp-block-heading\" id=\"kap2\">V\u00f6lker der Allianz<\/h3>\n\n<h4 class=\"wp-block-heading\" id=\"menschen\">Menschen<\/h4>\n\n\n<p>Menschen sind wohl das widerspenstigste, anpassungsf\u00e4higste und diverseste Volk aller V\u00f6lker Azeroths. Nirgendwo sah ich so viel Elend wie in Menschenst\u00e4dten, und doch findet man unter ihnen auch die tapfersten aller Helden. Sie trotzen jeder Gefahr und wenn Azeroth sie braucht sind sie da. <\/p>\n\n\n\n<p>Die Menschen haben drei Kriege erlebt und die Orcs bek\u00e4mpft, welche aus dem dunklen Portal kamen. Haben den Untod bek\u00e4mpft und sich in den Pestl\u00e4ndern halten k\u00f6nnen nur um dann nach Nordend zu ziehen um den Lichk\u00f6nig zu bek\u00e4mpfen. <\/p>\n\n\n\n<p>Sie machen Fehler, und sie lernen. Ein Volk so formbar und zuverl\u00e4ssig, dass es mich freut sie in meinen Reihen zu wissen.<\/p>\n\n\n<h4 class=\"wp-block-heading\" id=\"zwerge\">Zwerge<\/h4>\n\n\n<p>Zwerge haben wie auch Gnome seit jeher mit den Menschen zusammen gek\u00e4mpft. Ihre Treue ist unvergleichlich ebenso wie ihre Sturheit. Wer einen Zwergen als Freund hat und ihn auch als solchen behandelt, der hat einen Kameraden f\u00fcrs Leben gewonnen. Und wenn man einen Disput mit einem Zwergen haben sollte so gib ihm ein Bier aus. <\/p>\n\n\n\n<p>Doch sollte man sich nicht t\u00e4uschen lassen. Die Zwerge haben weise K\u00f6nige herausgebracht und sind vorausschauend. Ihre Technologie ist wird eine gro\u00dfe Hilfe sein sowie auch ihre gro\u00dfartige Schmiedekunst.<\/p>\n\n\n<h4 class=\"wp-block-heading\" id=\"gnome\">Gnome<\/h4>\n\n\n<p>Ein ungew\u00f6hnliches Volk. Sie sind meisterhafte Ingenieure, Trankbrauer und Erfinder. Und doch meines empfindens nach sehr aufgedreht und lebendig. Das ist etwas, was sie ausmacht und ist nicht als schlimm einzustufen.Die Gnome arbeiten eng mit Zwergen und Menschen zusammen und das seit einer langen Weile. Ich habe gelernt, dass Gnome in ausweglosen Situationen doch einen klaren Kopf haben und aus dem Nichts doch noch eine L\u00f6sung finden, zumindest wenn man ihnen Zeit gibt.<\/p>\n\n\n<h4 class=\"wp-block-heading\" id=\"kaldorei\">Kaldorei<\/h4>\n\n\n<p>Die Nachtelfen haben sich der Natur zugewandt und folgen ihrer Gottheit Elune.<\/p>\n\n\n\n<p>Sie sind teilweise so alt, dass sie Azshara noch pers\u00f6nlich kennengelernt haben. So weise wie die h\u00f6chsten ihrer Druiden auch sein m\u00f6gen, so tragisch letzter Schicksalsschlag eben auch war, so habe ich das Gef\u00fchl, dass sie wenigsten aus der Vergangenheit gelernt haben und vornehmlich \u00fcber Andere V\u00f6lker urteilen. Sie sollten ihre Erfahrung teilen und ebenfalls sich selbst als Volk betrachten um sich ins Gef\u00fcge von Azeroth mit ein zu bringen.<\/p>\n\n\n\n<p>Sonst sei gesagt, dass der Umgang mit ihnen eigentlich immer angenehm war, und freundlich wenn man ihnen ebenso begegnete.<\/p>\n\n\n<h4 class=\"wp-block-heading\" id=\"draenei\">Draenei<\/h4>\n\n\n<p>Sie sind ebenso fremd wie die Orcs, doch sind sie ein sehr altes Volk. Sie wurden vertrieben und sind das Musterbeispiel daf\u00fcr, wie es ist aus seinen Fehlern zu lernen und Opfer zu bringen. Ob sie das Licht schwingen oder die Elemente beschw\u00f6ren, ein Draenei steht an deiner Seite und gibt f\u00fcr seine Kameraden auch sein Leben, wenn n\u00f6tig. Nicht zuletzt, ist ihr Anf\u00fchrer einer der weisesten M\u00e4nner auf Azeroth.<\/p>\n\n\n\n<p>Ihr Groll gegen die Orcs wird so unter das Wohl der Allianz gestellt weil sie erkannt haben, wie stark man gemeinsam ist. Ich freue mich, Br\u00fcder und Schwestern der Draenei im Orden begr\u00fc\u00dfen zu d\u00fcrfen.<\/p>\n\n\n<h4 class=\"wp-block-heading\" id=\"worgen\">Worgen<\/h4>\n\n\n<p>Sie sind verflucht worden und sonst eigentlich auch Menschen. Und so benehmen sie sich auch. Doch sind sie im Kampf k\u00f6rperlich um einiges st\u00e4rker, wenn sie in Gestalt gehen. Sie haben eine enge Bindung an die Kaldorei welche ihnen Unterschlupf gew\u00e4hrten. Doch sagte mir ein Mensch, dass die Gilneer mittlerweile Posten in Sturmwind und der Allianz bekleiden als w\u00e4ren sie aus Sturmwind selbst. Sie hegen gro\u00dfen Groll gegen die Verlassenen und den kann ich ihnen nicht \u00fcbel nehmen, doch sollten sie auch lernen mit ihrem Groll um zu gehen und zu leben.<\/p>\n\n\n<h4 class=\"wp-block-heading\" id=\"rendorei\">Ren&#8217;dorei<\/h4>\n\n\n<p>Eine Abspaltung der Elfen aus Quel&#8217;thalas. Die Kinder der Leere sind \u00e4u\u00dferst gef\u00e4hrlich und m\u00e4chtig. Es gilt das selbe wie f\u00fcr Verlassene. Wer seinen Verstand verliert ist eine Gefahr f\u00fcr Azeroth, wer seinen beh\u00e4lt ein m\u00e4chtiger Verb\u00fcndeter.<\/p>\n\n\n\n<p>Es gibt vieles an diesem Volk zu kritisieren, und auch zu bewundern. Nur ein starker Geist vermag mit der Leere umzugehen. Dies wei\u00df ich von meiner Schwester, welche die Leere nutzte um einen ganzen Trupp auf Argus zu retten und eben jene verfiel dem Wahn weil sie am Ende nicht stark genug war. <\/p>\n\n\n\n<p>Ren&#8217;dorei sind also mit Vorsicht zu behandeln, eine Tatsache, derer sie sich selbst bewusst sind.<\/p>\n\n\n\n<hr class=\"wp-block-separator is-style-dots\"\/>\n\n\n<h3 class=\"wp-block-heading\" id=\"kap3\">Andere Fraktionen<\/h3>\n\n<h4 class=\"wp-block-heading\" id=\"pandaren\">Pandaren<\/h4>\n\n\n<p>Pandaren, ein Volk welches stets nach Gelichgewicht strebt. Sie haben die besten kulinarschen Gen\u00fcsse weit und breit und haben sonst auch am ehesten gelernt was es hei\u00dft sein Leben zu genie\u00dfen. Doch hat eine Bedrohung die Pandaren wach ger\u00fcttelt und sie zu starken Verb\u00fcndeten von Horde und Allianz gemacht. Ein Volk voller Weisheit und Kultur von dem wir viel lernen k\u00f6nnen und sollten.<\/p>\n\n\n\n<hr class=\"wp-block-separator is-style-dots\"\/>\n\n\n<h2 class=\"wp-block-heading\" id=\"kap4\">Regeln des Ordens<\/h2>\n\n\n<p class=\"has-drop-cap\">Grundlegendes zu den M\u00e4chten dieser Welt, m\u00f6chte ich auslassen. Doch m\u00f6chte ich euch auf unsere Regeln aufmerksam machen. Regeln, die hoffentlich auch au\u00dferhalb der schillernden Streitmacht einklang finden werden. Doch zun\u00e4chst helfen wir \u00fcber Azeroth zu wachen, beraten die Anf\u00fchrer der Fraktionen wenn uns geh\u00f6r geschenkt wird und greifen ein wo es n\u00f6tig ist um Azeroth zu erhalten.<\/p>\n\n\n\n<p>Die Mittel dazu sind ebenfalls den Regeln untergeordnet. So verurteilen wir Niemanden anhand der Kr\u00e4fte die er besitzt  wenn sie den Kriterien entsprechen.<\/p>\n\n\n\n<p><strong>1. Die Quelle der Magie darf niemals Anderen schaden.<\/strong><\/p>\n\n\n\n<p>Zur Erl\u00e4uterung: Blutmagie welche die Lebensenergie anderer rauben w\u00fcrde um sich selbst m\u00e4chtiger zu machen ist strikt untersagt und Personen welche sich solcher M\u00e4chte bedienen werden ihrem Volk \u00fcbergeben.<\/p>\n\n\n\n<p><strong>2. Denke auch an dich.<\/strong><\/p>\n\n\n\n<p>Du darfst dich M\u00e4chten wie Fel oder Leere bedienen. Doch geschieht dies auf Eigenverantwortung. Sobald man zur Gefahr wird oder Anderen schaden zuf\u00fcgt wird man dem eigenen Volk \u00fcbergeben oder im schlimmsten Falle sofort liquidiert.<\/p>\n\n\n\n<p><strong>3. Magie die Andere negativ beeinflusst ins untersagt.<\/strong><\/p>\n\n\n\n<p>Magie zur Kontrolle Anderer oder auch Dinge wie Nekromantie sind strengstens untersagt. <\/p>\n\n\n\n<p><strong>4. Sei ein Freund deinem Nebenmann<\/strong><\/p>\n\n\n\n<p>Um die Feindschaften zwischen diversen V\u00f6lkern zu beenden ist es wichtig, dass alle eine Kamradschaftliche Bindung pflegen. Wenn ihr freundlich zu Anderen seid wird dieser sich im besten Falle in Zukunft auch so verhalten und es f\u00e4rbt ab. Um so hoffentlich in ein paar Generationen sinnlose Feindschaften \u00fcberwunden haben.<\/p>\n\n\n\n<p><strong>5. Sage deine Meinung.<\/strong><\/p>\n\n\n\n<p>Die Meinung eines jeden ist wichtig. Der Eindruck \u00fcber die V\u00f6lker der sich vorne befindet muss nicht jener sein den ihr habt. Redet miteinander um Konflikte und aufgestaute Emotionen zu vermeiden.<\/p>\n\n\n\n<p><strong>6. Gleichgewicht<\/strong><\/p>\n\n\n\n<p>Bilde mit den Anderen eine Balance. Stellt euch zu den Schw\u00e4cheren denn diese gilt es zu sch\u00fctzen. Und bremst eure Kameraden wenn es n\u00f6tig sein sollte.<\/p>\n\n\n\n<p><strong>7. Treue und Verschwiegenheit.<\/strong><\/p>\n\n\n\n<p>Wie \u00fcberall haben auch wir Rituale. Jene gilt es im inneren des Ordens zu bewahren auch wenn diese Rituale nicht gef\u00e4hrlich sind so ist es doch gut, wenn Nicht alles bekannt ist. <\/p>\n\n\n\n<p><strong>8. Frieden<\/strong><\/p>\n\n\n\n<p>Wir stehen f\u00fcr den Frieden und den Einklang auf Azeroth. Seid euch dessen immer gewahr.<\/p>\n\n\n\n<hr class=\"wp-block-separator is-style-wide\"\/>\n\n\n<h5 class=\"wp-block-heading\" id=\"book_footer\">Buchinformationen &amp; Anh\u00e4nge<\/h5>\n\n\n<div class=\"su-spoiler su-spoiler-style-fancy su-spoiler-icon-chevron su-spoiler-closed\" data-scroll-offset=\"0\" data-anchor-in-url=\"no\"><div class=\"su-spoiler-title\" tabindex=\"0\" role=\"button\"><span class=\"su-spoiler-icon\"><\/span>Total RP 3 Extended Item-Code (Klicken zum erweitern\u2026)<\/div><div class=\"su-spoiler-content su-u-clearfix su-u-trim\">!LY12YTTXY2pN9l0YI6IT3(njlzBfBj7THS954Ax0AOWqsecmqNbaM7OuMFjNQYl6BWp534p2PxD3ZGb0k5uvCskfjqCPN(YQxDpn4KXtUCYfJP)B393DYf7njB8U7U)4dpy)dF8P)6jJFYKl2NoJSZUa)mV(6p3C9IIYsR3LB)CJVTYC9Iw8zx(Fpj7K3mj71Nr)v7KSZpbh9C6ix8g83V8i54V80jxC4JpCs2Xxo54jzzpto8BpseeCN(VMK97380R)6V)WB(66F53xSh97VQo3(FwFvU1)7pCXE8HhthoRxACRVkR1BlerIoRX8zTpDwFW6NzAAAxF1xQDpL(O9J33tQ90f(6c6sOv2kBXm9(V(xo6wRVUDX6RkWv2q351x9R21xTW6xF1C7n(n3nxULRV6v1UzLflBHu05YxF1X2CF9Io3CCedeX1xDKVDN1xDsbDp(WMVvUKpM8qAOBRzko3VuylPtalSRx2ykjPQKEq0HS(YIw6jmI(1c8mPfBtPPBgRwwFLRZJhER1p1xF9cCZwz9SIzPXHlBL1Hdw4HirpYtlCl4LvtRLo)D2sSR289Mg8lKm4SLLqeWDQvxJZTvKG0yQiP26B9f2P9puSsHuz90nNxpEs6PRSkrBT(QB7wFv5MVjpM6YsCSF1soAqVxvH7Wjf3uwxzAHEJScyH0W)UE68I)fEsKONeumZ28DVQJMrcvEjzDT0YTQaFUXXxaR3IMyCFjjgM9ZWkN(tljOVwwrW0qIdKjyEytHDkmMz1qFAHUWBYTYYfIeDvh7nqlLJh9hTKO6MA6QWFXAV8crTuc3vrV86AFUHKiikNHN2kdjP5g1CvzyVRg8yDoRJ8l6MzH)BUPrDIjjXmDKkSICREurxULwCXqKrGtWyQN15BUJUl2KL4h7DAUTJm2vSd1M7QUzgBTjRWaNf(m)cB2fFqiBSc5iO554HUMkDvJhnFgflWh4qem9yjibcmkfm4bJFqkEWzUfMY2yS6Vxun)PNbF)zMRT)7)17pn7YN)UJo)0)97p7bVS2xCBTR1uES3Aw(09o8rp9rhiOd4Nxxx(0dEYUhS7bFnQKyFe6cZT)(dPp)RRV6bKANuh7XpU)0l5OYYcJ72TUONS9fjQI1x9CVzzBrnzp26kgV)2xY7SKbZP(tVbHynBFnhqxHaU93tJaT((d167nqRFVQhfoE)V(g)1n6Z)tDQnhhdoITTHiinQMdpN31IvdHpVyZDLTUIMDGkSrJWZnvSJpJ2zklQYRrKlHovs)Ovcnlz3q(85yJcaWyiVtnMcHWnEd(95wgxJJ8(KLw(D(iG9QobQCfIIkaEljvt38DYq1AryaCRdNel8xAlkt1ea5RKqAiKytlbbvYlxNevYGZKFFqJm120sWd7atLCKMcig8D(d1LlrIfjTXscdJGxkiuy8NxsanfIpdfNtr4qzovcRWdKGui1gPkBLRGK9tPpEgLeIEkZkC5XOuGYXRZ5qNQ5cGJPpaXYlHClDv0J8lqdUYSWlclG)WjfukCIqwDm1Zqm8rFTDEb(ase6AVvb6E2ctDZ2yWivaj0Z6tIkQKM6kixlzvdjJv86QjOMUHLwyI(fnVrmxAYAG80GFuRDoPn9TaHCH)hx8u0sD5CcdIHpX57J3bYPtq4sKnwMoMmuusVL9oyaq7yKvBKUi5JW433U5UfLHCYS5)CdREORfwdnZd5tWjSwF17Sn3yxgWkH8CRzrjKvGRcZiFAx6TDmGIfjcjFGzTqL6389RxUtWRteAkMQwf9G3UhP(zpYw2RoqlzN)(ajhmeiz)iqY(F9spCTvOc5p(b))rINOeSDlH8HSLTuANQOnLKxphN46tR)EiOW)Oqi(S5BsYojLl7EqK8yZOHFSHhp)GB)TBIoxeMKPSvIRMnkeChGMOq5BHxIZ2gGSwjEB4h2YPmNrZCoifyBK2T3NLdvuD8OHURsmjW3O)3lSGUTKqoahmm()vDLTm0YuHudwGVcagHLCNBjFzNBaLqXXWkoEVzbEu)QLdljyodrLgbhQplrddsvwlLZxScDZrk9rc1l4TtlW2iPmYhVzl95mlt6M4g5O0gCWKIAwyBWFbErbtVgwPMxRIFc9reS9wSu)aUtf5fZjAQPeONsrWEdhakuqhPWriJdNzOb2QlsaNvfpNqii4IouqhERVEAjXYvPgc2EP2k5KoPy2m4PEltdQiq)lRW9pO8v2Ir9jg4h0hnL5T6ddkP)vNT8F0soBaJ4xnZ7X)MAfEwSb7QtB0srmbC2pja2qx6GUC(ao5apDUWbJVB8kM0qaM4D1lxWOrDrdhNwh3k63jxg2n8LiBHNYLeulB(o5NTsZHerW(7crC4qiIdsGiIApfLGRA6ujxpNgnrRnkKa8xTUGsMOstFQTceObKEcUnwhp3wkkiKuYcOzeK5KStfidNeOY5KUEXMVtNLB0FErA)yvA3B2rQcWfWkFojOTlGhTitqB75I3QBLyUyHSSP245))TuUpj5LyYe)VprPdI8mQSl8QkaOqw1LHXMMrjdecbSKrHLL1mclUpUqvftPkP6Hm1vAyvuNB9H4vkVLPHsVGeiOGLETg)iPiHwc5HqBdo650IIrnUrbwtaL5lbio(EWHprxluPKWhkzBUKKsbWyNIJljsKIJHiDVQqsfWeL5pDi4SqltlckGaCpRFn5jmP1tzyXygywDWf9rwUI5TbvkfD1ADdjfoflAbaiqRIj12Ie2(b0m9kcxgz8HK2QWT8ZLGmAVvSvE(rxivPlMFLQuFgeo5OvW9BdL2gO8mLoBg9KFCNBMJRBkUJTQZtfxhyX8gE9WNHNB9XxQ9rYtq5IQ679jyY2ekz7MVXLDJUaW23e5tqssi6gZSs3BKuUkqx2ToYa1TSxj35KK3njHRWtX1NGD74wUeZ(7NTLpWleFJCdkwTSSDuq4KgLWNAfZWIJQoT6gdf1cpsYG1OTyHsMKJeeVV3zo0mGvCsReVUOiTo2Ag(tJCG50htTHZd12d9KIpSOMY04ALCxn1oeZ03HdNKoLRD(rdrwpmbzv6)ef7ZSzrHNmal3aLsWFnhw)VjKoKNKsJraDywSz)w5xq4Fe3HZR4KCcbunU)mO0jw5p1gaMsE4s5AurZsElCGPwYNAgyVchP)kjj4ThzvrXeEHLrM1wkAxU2on9RspxH7(i6CiUBo2OnSyeg2srz4pgDHrB7eAdcFJkL0os21fkz15Y6sU7raM(EPfbaeH2l07fExXwNDAmFguACmwKxNcU5I5dbPoaFG8GG7lwiIF82Q7GBkNbTQGYuT5UyHLzILmjsnGHmSsyUMf1J8ixJwFlbZaddfn0xpU2(mX03KwoSeqTc4CA4L2XWkMcFDpkAJ6we0NiRLOSiUnB(g(f0gttjFKPHR05IbEAzf2KUBUT1wR5LlkMGcABsQ0LDWuZNcNf9aPYm28hT6QAyeskJKbo8bnWGA7MAxG0AO)oHWMFcEvpEy0)JsI(FbrOTWfAttKsj69nPvlMpkcoEtDdQ5haKmRpcUuUwfDvcbKuU4ayj0DJ0FAj9W5146Lpn2qWakUwkkmdel7zfCvhnJcFGu7Dj6IX8qgqVL1CK2GZWd)2D6tRXrhnvguXe5BY8ZXs7CiIUTG2zxd1syI2jPtYUAuI5cu0c3iayyt7CusswkSDMfSjl6R5Mf1xv7w25rrb8sh5B5cf5U62ybyuuBYGbhJZyo5zNNwQzL0AaTGFfvLWDQVEzaSDKKeKzzKR8jU3YJS9nbse(3jLGWgZBanpLmpkqN7mM6KS5)vGUnnb4TTYYIw2Y4QqDRT3J3mf)ib3uAkeLKkw6B3M)axXmlTW65iO0dPsGIXsCi5LAJ64qrbuQj02oumFemf(oJuZ0fW01eGAiDoh9XkBg885iX5aiED3nWhsp2HIqUr2vbD5rz4jebcPylacU2yoVSWlWPxo3DB1FZ6z3kbNFUPusXhzikLelXvXdI8b24L2QEgGOSYvIHtEPXxv7WIN1nVOeNmbKPoXSRJvZt1OQjrbQ0Xz0437qxyFZ0E9oNUihyZVKuuK3acjVa0BXJrzDR9NLU0ZlAd9IfAc4LGqxw)lHFkRlPNSY(a0W9d)L2Ikt7w83ygnpziM2JtRvKq))XIf7p66eYPIwaLUyMUyZDU5fZ1IdyTHMrnP4sWFPgmStOTYCLaPsEfKYVRw70iBokKLCk0xANyPIX8XuLb(22iDC(w0iCOJf7Sv7kVLIh58(jeIypCgrYEp59cCDf7DUUvxKGrPyw45tjv2JTAqljr6rRwwc6H9M7Gq7yEYBjhDXE0zhqHqmhH8ak)irkGVkfgbEfTfbY2k2l5GPwZK(VQHu32vkDXIR5IwamsAGaoBz7V88W(j2WKcFoHbX4twrZg61JeCeiPJ1syFjNAdTqKLeX31JS5fmlCYYkk4(w)YGadrKaEI20Hi7IFIC()ZHXhp5VyFBI7rvCNBo3kLZOXpH)mOLxXba6cHUfePfxJuCiYR6UHS6KRtZSn3TGpAO0(c47B5dia06oH)dB)n6lxHhfFSIcHAmlce(RdB56PLmydhQIyWGmcxW82(YKfteZqiatQ4Abx6EMXTMBMXbNUOK9sBzEpjfUMB8PANjEHDgtkut9aOS(TqgxWupU9TRtzrNBsJG71THwpWoLm7f7ADBxJ6pB)(fPTcCuF5m9WYsxEPB2BR9TiJYstfVkEzs7naV68K70GgIveoR3sMRscymNl(m0c8yF0LHmapsUqpq7pjvaGhUTq75yLEhX(sJRVyEGOyy3Jtd1QmIwrchhToPDWyBQf0Z(A9GJXSAF1utWCCBhknyZDnnmJrTPMiCJxGZ82Uw9gYjS16kcbTqYyWNFUWWX7omo8FMKN6teCY8W2Ei)r0lyvpKPsanmWjC()(2k37)0VB8ZdMuPnC24UbX5F7CKIzoZfqBPU2KgjwIp)S2opsPGSD45PkhriDHKk8ElX7MBSO3yafFguTlISfQNHjYHBiFn6D9vKZjAqItabBIfksW)Cl4cLPkrys5uYLEsrZnX8RwzRYIczO186CHWjJlMcPSstCFm3flkUPNZPEYv9nhk0rJn31PAAP4T(woUTTdzdOLf7JBLsh6AOIr9jd5GaiGoC1HUfJULK3BUa9O6YAoXV2WwFEmROVMOlJUXxotCm4vzIlJye5ZZ4fwezxVOceCxsPNAJe7zFRqXF42Gr9z1MVTWfgsgeEnSgnksHGi98ghrcmYrwyjIHJ49IYTeyE2qu4PAXzdBighSHWrYjL38GMa0rdNlK7Slbeg1wCNvY5(kFIjqKKlmf4FMEogdgKe(Scv1X(JWLpU7vnTDa0HnHAqMXJDncgrBK6t0FIVN3x8MaoZsHn4i61nTZHiOIsBOypzgC0zTjIlPp(co8Pzfv5xntOiROTZiBUxq3PE(llnmBXxvJjBq98ybPpnqGGHCHU4LtbyB(wdtUtu)JWQPc)k7R1hMP5iLnwAEysCgpERrXz3euTaXQuU3xWBNIWLoUHzxVqXcUWWBzj2oXvyhN11ryBA0oC)I62wHL7PLDoPHijELyFQ1apeOBkBhs)8OBBwy8MGA4gkppfFkaGYeqfN)jwcHpFDmwUVIGfObKcfbvWoX3jBUSYWvR)7BZ1Y)4MHohSlHFmrlL5ppyRImZxpyMnOkj0lnzuZyhmIXbvNq5W1gzWcDMxn((FO0GHRovftWpo7IkrlOD1jmksrozDO)bLjDQHHiDbuMKkfKZtV3j9xqlgs3f8KMDIE7MUtBbUhHfkaUs3B8EGEL6GSPhIVGuN9910azsaQG6yy5mC7l0(NRvYZQmlYqigbXvKZ0jN3pgDeYFQZSXpzZ6gV9CUnoTz9EdjDHyRe3)GmqsAvEQ)kOlokabmCxHIOTLTBJ0h3LYK54mjTf7kEEhsdq4LC3IwRTezK(WTbuA2Jm01wHnNA9eEC6n(nG69wwvUPdkN5M4anY9M0L0TrTsDlHfJms82Lq5W89JgRQ2wZ1Q2gkJvqP1kzzHaiCH5fTrqktiNKgFZmugf8gCB(MSPNxmO(ZrHEGTGJRKk89X8dAlDI9B5CIMTtiK03m6D0Ds9fEDgl6B8OujGWma2ETUgwxj9OiT8ooQG3wR1PBevCeEzCHG1thLg2lpzecKjM4Sa)zRqMEeMT1nFppM0pdn7dohoveI6)IkDwf5Of6IK((bRUUvbrQjFSgzD)rpDYLCwPuu1QA5wPncLJ)tdPfdwiJDGcIeQIyCjpKnG7GtFN7zdktMGqQUf)nHrrPtisqpq4HJTozjxPsslL5UdH9Ow2oIK(DpOphwE6EooSlSMGfUVjfHA8uiNWynv2bPcu2UBHVnUHeRr74zAS6y9f0c9qImPNIsNvlNizV5FBTMFZjfcuTI1fclNbEuuPBL6KvXO6Ky03cloWp56f8)46xCKfUSU71)EW2KOpDxylffm7fPBHcsGHjFGTS9yEH0vjDHkG8O5c8GSKkaD3ZKYiGvt1opoERrID8Eja0VZoCovoLTVhnLNXbPJBqd(Nm5k7OVoa9JSGhqnC(yXHKkcH0x8qLp3I(Re8fzM5Atd3rgoO5fWRt5LYZ(Hm2hm8wVYnuJxaJ(d42B0qnDV1e(28Aj0Zd520p0ARsVhu9Eyi3uFVyZm9dhVbowxKuG7YZwst09VbwL(nwyPVOTGSH((E7igtPhcR64wuam4UGpV0SraEAl0bpRYmpw9CVUTRsNLnXa0WiKB(d1lJzGufsxeW2sA8ImHrYTINQvBeCG9XnYSGDPV7MBcO7(5W2l9cVTF6xs3MqG0jzwHM4JguCDcYnaKpL7QR6)RG2uau3CM(I2pLOpzWjsg4twl8HAFtiNvY2ookyTV002GoXi1TZM4EaZaJoO95xNgPrU)mKF2AkrhV)G(wEFJjFSPLVLeDt)2uf(ZahGTMTeDBDLQoFHfrr6oJGpZRVohji1SrEQMQEzxzHZ41kbFH1XDSLnpTQLCQV)3JDIWjmI4SnWbzHE)ISZ5AzH8f2k5e6gbGjQCBGzgX6J9szyN9H8guc4gJtL3NkYDRF7dXzjDXhXkUbbOo13xNCj(csytuPJsusB4cdLkvYBZI(1FyQu1rcVAT(wHWE3bW4HZMRcBFVEtDKwJS(KxqL9FBCu9Y(hqou2hCofM3uptw1fg2ZA8Ep5R)eoKBntIJpyGd59(syWEKjZpJvd0L(1jVqnbioVSbFJwV1KTqzgcDzsTYd)CR4dbOKWELfKf6GeL1LmHnPlQ7e(WrQBXGbhsDh58kuwOPk0yZF2Rsh7RTS003(G19dQIiR325WYeo7l0Y(zdEOeZ0r8FflIJqSvyA5GiMqxMfN(q(ablEhfLH(G52IBdMDcHqSWNNeA(PZbryRe4niLzRRj1ao9a5jmN39T37CmUnCboCGsXwv3YkGGYN5Gp3sbmYKGJEiq44HAOxh25hk4r0Cg3ctKy1R8BUJ7QwUqnNbCk4DYAaTs(kFLhtltbV8CTn3G9u9NOB16Bx0U8)81XbQiGDsPvLpDRiPGRziRJvEDCIVhxYGh52rFpK(LpHy(trt47irHqLEQmJGvYTzR0NOcwmGt8NXJVpEKEtN0uvE)ZtBtqi7tk7cyGc7CGmilu5RYllbimZJNo7z8w6VcotIue2XwDh2JV4BtTK856DYJegfep2LEEp5WTM0UXXrTlr5UhuUKZQng8XE9u1hbn3jDIwglHCwW6XnysC8alxNYHjiNXGqoKOGR3vgmagT4uuFepb(Tu5tGsk7LoLQ0qR3JNb0alpjysEqBBNXPIM0eJ5KHqWwPvHXzt2sjfUxOMkTBSsgWNlV(fe6DniCww8)0vKdYNIdDI2B)D6DefKcHuGZo3WVustTu4ovJitjHBMu06hvW6nGxRVIcg05V)OGBNiLI15KcNo2XuKRDPVMwNYBFQuxdbn642Vn4jjCVsf8d2H72GIgf29eUpeOzTq9q35WB(3V8(kDbMmorSsFvHY7q3pvxSzDUano9LTsOTZnjGdrIL)zcVtgwU0wVrV)Cx)tQe9MzCkm2giV4NCVms7hgEG9Egu1GbVHq(nTPEv9SNuBn0cFQBzNBwKuuJaxUiDGWH8tv64rjcMPOk(k5ehKfthlwsKng2)1H0jAcdYq5qh1)bDP8(l0jAlTVVBz1oewnZCRAPqL0foe2eJvl6pOOtBIVSm6E3eQkJFdOj6s5(URxgthkf7oyl5B0cp8ooYoU91DW4P091PbviigaM4vrlNWxUI03X5TExR1AOKHOVdh50Q6GkthsVkU8EbABRXiC8JUhOThTZwZzuqlDCrjGV734YOpJYCLQ)1DnkgntBsLnwDNWabn17oaoBL1RtDXcf6gOz1pNqAdFiM4vCGqN3oOHE9dFuGsqyV06h5YK12J3jUrQSQ7dClywHnQNBYE0J4JWGYgxdAPGY(xBTpY))oSToLY7OOBWcaHjfOlGYImYQmwMRzHp5MLQf0BA0)yq)buOQ6embD207AJTSs7EPol9tTANbLU(TT24j7eNzU(1n8h13ZBP)aSEwpT0M4CAKc5wn7mJrqeBpT(z0T4q2HvpBws)3)oKDi)52jzh)SxHbjl7y8Lnr2fhnj7K6LDOnY8xbfF(5tYEb5TCzDDzBXnV0sEn(jzp)DtMoj7JNn5Id27WjzVCmoVtqjjUF750J6LDZT0H3dhMlvbh8Z6r3pCtXbVO2tmOETXJp643GVVl4Nm(UZ4Sl1VmmYQDVVXIFj7s8tEV3SXVDmkY5VhoyP(ZnlQxnjJUFnYNV93EhSr)()k7q(3m6)Wq2ojEa59aSj9lXJx)gC4jzpdFFDSOi38acc8i0PYjzFGlzkl7E(OStMKT7JE4U79W92B9v7U7th)ONU3JIFNGKL)bsE35GDoGUZ4u3)HJ39HJ)NRVA8Hp9G9F6HpMKUpOFZKqYYZEdKL3CgmgN)XjxSlzeEp))i1wgDtYoBs2H)h8lVJ(fCjn2R7isZ)2RTFXwIxTD1YFYPtYKg19AkmUbF1umRDRWV))QjsZ)Gm5GqF4nW4yYrgZLIPDhYJkd7D6tir6SNHVdv(WNPcwV(ZhxxV8ZJjb)1KCGlGxCtfpY(VOt(lE8SVbDb)RJyRoP9Hh6r4NFahIIxP757WxWkVJ0khnD4AmBPV4MwksPRQH0gqk3B3X8xcl0D49z46E)f8d4u8ZNXpSpE6KlE8HSTGofsnE0ZeXNJP19106e7H4e3kViWQzUDYK)V<\/div><\/div>\n","protected":false},"excerpt":{"rendered":"<p>Eine Leitschrift der schillernden Streitmacht.<\/p>\n","protected":false},"author":84,"featured_media":0,"comment_status":"closed","ping_status":"closed","template":"","rcno\/author":[84],"rcno\/tag":[70,144],"rcno\/category":[14],"class_list":["post-929","rcno_review","type-rcno_review","status-publish","hentry","rcno_author-dorn-lichtschweif","rcno_tag-code","rcno_tag-ethnology","rcno_category-playerbooks"],"pbg_featured_image_src":{"full":false,"thumbnail":false,"medium":false,"medium_large":false,"large":false,"1536x1536":false,"2048x2048":false,"rcno-book-cover-lg":false,"rcno-book-cover-sm":false,"twentyseventeen-featured-image":false,"twentyseventeen-thumbnail-avatar":false},"pbg_author_info":{"display_name":"","author_link":"","author_img":false},"pbg_comment_info":" No Comments","pbg_excerpt":"Eine Leitschrift der schillernden Streitmacht.","_links":{"self":[{"href":"https:\/\/Skriptorium.Stadt-Sturmwind.de\/index.php?rest_route=\/wp\/v2\/rcno\/reviews\/929","targetHints":{"allow":["GET"]}}],"collection":[{"href":"https:\/\/Skriptorium.Stadt-Sturmwind.de\/index.php?rest_route=\/wp\/v2\/rcno\/reviews"}],"about":[{"href":"https:\/\/Skriptorium.Stadt-Sturmwind.de\/index.php?rest_route=\/wp\/v2\/types\/rcno_review"}],"author":[{"embeddable":true,"href":"https:\/\/Skriptorium.Stadt-Sturmwind.de\/index.php?rest_route=\/wp\/v2\/users\/84"}],"replies":[{"embeddable":true,"href":"https:\/\/Skriptorium.Stadt-Sturmwind.de\/index.php?rest_route=%2Fwp%2Fv2%2Fcomments&post=929"}],"version-history":[{"count":10,"href":"https:\/\/Skriptorium.Stadt-Sturmwind.de\/index.php?rest_route=\/wp\/v2\/rcno\/reviews\/929\/revisions"}],"predecessor-version":[{"id":3109,"href":"https:\/\/Skriptorium.Stadt-Sturmwind.de\/index.php?rest_route=\/wp\/v2\/rcno\/reviews\/929\/revisions\/3109"}],"wp:attachment":[{"href":"https:\/\/Skriptorium.Stadt-Sturmwind.de\/index.php?rest_route=%2Fwp%2Fv2%2Fmedia&parent=929"}],"wp:term":[{"taxonomy":"rcno_author","embeddable":true,"href":"https:\/\/Skriptorium.Stadt-Sturmwind.de\/index.php?rest_route=%2Fwp%2Fv2%2Frcno%2Fauthor&post=929"},{"taxonomy":"rcno_tag","embeddable":true,"href":"https:\/\/Skriptorium.Stadt-Sturmwind.de\/index.php?rest_route=%2Fwp%2Fv2%2Frcno%2Ftag&post=929"},{"taxonomy":"rcno_category","embeddable":true,"href":"https:\/\/Skriptorium.Stadt-Sturmwind.de\/index.php?rest_route=%2Fwp%2Fv2%2Frcno%2Fcategory&post=929"}],"curies":[{"name":"wp","href":"https:\/\/api.w.org\/{rel}","templated":true}]}}